{"id":7,"date":"2021-09-27T12:03:27","date_gmt":"2021-09-27T12:03:27","guid":{"rendered":"http:\/\/quartocrescente.org\/?page_id=7"},"modified":"2025-04-14T20:06:45","modified_gmt":"2025-04-14T20:06:45","slug":"resume","status":"publish","type":"page","link":"https:\/\/quartocrescente.org\/pt\/resume\/","title":{"rendered":"Sobre"},"content":{"rendered":"<div class=\"wp-block-group alignwide is-style-twentytwentyone-border\"><div class=\"wp-block-group__inner-container is-layout-flow wp-block-group-is-layout-flow\">\n<h3 class=\"wp-block-heading alignwide\" id=\"quero-fazer-a-game-featured-platform-for-early-childhood-informal-education\"><strong>Um Sistema Informal de Gest\u00e3o de Aprendizagem com Jogo de Aventura Narrativa Incorporado para o Ensino Fundamental<\/strong><\/h3>\n<\/div><\/div>\n\n\n\n<div class=\"wp-block-group alignwide is-style-twentytwentyone-border\"><div class=\"wp-block-group__inner-container is-layout-flow wp-block-group-is-layout-flow\">\n<div class=\"wp-block-columns alignwide are-vertically-aligned-center is-layout-flex wp-container-core-columns-is-layout-9d6595d7 wp-block-columns-is-layout-flex\">\n<div class=\"wp-block-column is-layout-flow wp-block-column-is-layout-flow\" style=\"flex-basis:50%\">\n<h2 class=\"wp-block-heading\" id=\"abstract\">Resumo<\/h2>\n<\/div>\n<\/div>\n\n\n\n<div class=\"wp-block-columns alignwide is-layout-flex wp-container-core-columns-is-layout-9d6595d7 wp-block-columns-is-layout-flex\">\n<div class=\"wp-block-column is-layout-flow wp-block-column-is-layout-flow\">\n<p class=\"has-drop-cap alignwide has-extra-small-font-size\">A ado\u00e7\u00e3o generalizada do ensino em casa ao redor do mundo precipitada pela pandemia da Covid-19 trouxe \u00e0 tona as desigualdades nos ambientes de aprendizagem em casa das crian\u00e7as que, de acordo com pesquisas, limitam muito as oportunidades de mobilidade social e prejudicam as democracias. Tamb\u00e9m destacou a falta de ferramentas e prepara\u00e7\u00e3o geral dos sistemas educacionais para inclu\u00ed-los como ambientes de aprendizagem autocontidos, enquanto os esfor\u00e7os de conting\u00eancia mais frequentemente tentavam desenvolver ambientes de aprendizagem em sala de aula remotamente.<\/p>\n\n\n\n<p class=\"alignwide has-extra-small-font-size\">Ao mesmo tempo, tanto na esfera acad\u00eamica quanto na p\u00fablica, tem havido defesa de um envolvimento parental mais consistente e significativo e da integra\u00e7\u00e3o de experi\u00eancias informais de aprendizagem cotidianas \u2014 mais bem inseridas na pr\u00e1tica familiar \u2014 nos programas educacionais das crian\u00e7as.<\/p>\n\n\n\n<p class=\"alignwide has-extra-small-font-size\">Este projeto prop\u00f5e o co-design e a avalia\u00e7\u00e3o de impacto inicial de um jogo de aventura narrativa incorporado a um sistema informal de gest\u00e3o de aprendizagem para crian\u00e7as do ensino fundamental e suas fam\u00edlias.<\/p>\n<\/div>\n\n\n\n<div class=\"wp-block-column is-layout-flow wp-block-column-is-layout-flow\">\n<p class=\"alignwide has-extra-small-font-size\">O jogo \u00e9 para introduzir um universo de fantasia paralelo e conectar as atividades de aprendizagem cotidianas das crian\u00e7as ao desenvolvimento de seus personagens e \u00e0 progress\u00e3o da hist\u00f3ria neste universo. Ele visa apoiar as fam\u00edlias e motivar a participa\u00e7\u00e3o das crian\u00e7as na gest\u00e3o de suas experi\u00eancias fora da escola.<\/p>\n\n\n\n<p class=\"alignwide has-extra-small-font-size\">O co-design desta ferramenta deve ser baseado em uma amostra ampla e representativa de escolas e fam\u00edlias, refletindo contextos socioecon\u00f4micos e recursos educacionais variados, e apresentar as crian\u00e7as como co-criadoras ativas, n\u00e3o apenas fontes de dados.<\/p>\n\n\n\n<p class=\"alignwide has-extra-small-font-size\">Este estudo explorat\u00f3rio est\u00e1 examinando o impacto inicial deste jogo em: (1) o quanto as crian\u00e7as est\u00e3o envolvidas com seu aprendizado di\u00e1rio; (2) a frequ\u00eancia com que os cuidadores identificam e preparam oportunidades de aprendizado di\u00e1rio; e (3) o grau de conscientiza\u00e7\u00e3o e envolvimento dos professores no progresso do desenvolvimento de seus alunos al\u00e9m da sala de aula.<\/p>\n<\/div>\n<\/div>\n<\/div><\/div>\n\n\n\n<div class=\"wp-block-group alignwide\" style=\"padding-bottom:20px\"><div class=\"wp-block-group__inner-container is-layout-flow wp-block-group-is-layout-flow\">\n<h2 class=\"wp-block-heading alignwide\" id=\"chronogram\">Cronograma<\/h2>\n\n\n<script>\n\t$(document).ready(function() {\n\t\tsetChronoDateBar();\n\t});\n\n\tfunction setChronoDateBar(){\n\t\tvar curr_data = new Date();\n\t\tvar curr_year = curr_data.getFullYear();\n\t\tvar curr_month = curr_data.getMonth() + 1;\n\n\t\tvar prev_year = curr_year - 1;\n\t\tvar next_year = curr_year + 1;\n\t\tvar scholaryear_label = \"\";\n\t\t\n\t\tif(curr_month >= 9)\n\t\t\tscholaryear_label = curr_year + \"-\" + next_year;\n\t\telse\n\t\t\tscholaryear_label = prev_year + \"-\" + curr_year;\n\n\t\t$(\".chrono-block-wrapper[year=\" + scholaryear_label + \"]\").append(\"<div class='chrono-block chrono-currmark start-\" + curr_month + \"'><\/div>\");\n\n\t\t$(\".chrono-currmark\").css(\"left\", \"calc(\" + $(\".chrono-currmark\").css(\"left\") + \" + \" + $(\".chrono-label\").width()\/2 + \"px)\");\n\n\t\t$('.chrono-content-container').animate({\n\t\t   scrollLeft: $(\".chrono-currmark\").offset().left - $('.chrono-container').width()\/2 - 120\n\t\t}, 1000);\n\t}\n<\/script>\n\n<div class=\"chrono-container alignwide\">\n  <div class=\"chrono-ylabels-container\">\n\t<div class=\"chrono-ylabels-wrapper chrono-ylabels-col-1\">\n\t  <div class=\"chrono-ylabel-block\">\n\t\t<p><i class=\"fas fa-search\"><\/i> <span>Investiga\u00e7\u00e3o<\/span><\/p>\n\t  <\/div>\n\t  <div class=\"chrono-ylabel-block\">\n\t\t<p><i class=\"fas fa-pencil-ruler\"><\/i> <span>Desenho<\/span><\/p>\n\t  <\/div>\n\t  <div class=\"chrono-ylabel-block\">\n\t\t<p><i class=\"fas fa-hammer\"><\/i> <span>Constru\u00e7\u00e3o<\/span><\/p>\n\t  <\/div>\n\t  <div class=\"chrono-ylabel-block\">\n\t\t<p><i class=\"fas fa-clipboard-check\"><\/i> <span>Resultados<\/span><\/p>\n\t  <\/div>\n\t  <div class=\"chrono-ylabel-block\">\n\t\t<p><i class=\"fas fa-map-marker\"><\/i> <span>Localiza\u00e7\u00e3o<\/span><\/p>\n\t  <\/div>\n\t<\/div>\n  <\/div>\n  <div class=\"chrono-content-container\">\n\t<div class=\"chrono-content-wrapper\">\n\t  <div class=\"chrono-block-wrapper\" style=\"z-index:5\" year=\"2021-2022\">\n\t\t<div class=\"chrono-block-header\">\n\t\t  <p>Ano 0 (2021\/2022)<\/p>\n\t\t<\/div>\n\t\t<div class=\"chrono-block-row\">\n\t\t  <div class=\"chrono-block-guideline\"><\/div>\n\t\t  <div class=\"chrono-block start-9 dur-4\"><p>Trabalho Curricular do 1\u00ba Semestre<\/p><\/div>\n\t\t  <div class=\"chrono-block start-3 dur-4\"><p>Trabalho Curricular 2\u00ba Semestre<\/p><\/div>\n\t\t<\/div>\n\t\t<div class=\"chrono-block-row\">\n\t\t  <div class=\"chrono-block-guideline\"><\/div>\n\t\t<\/div>\n\t\t<div class=\"chrono-block-row\">\n\t\t  <div class=\"chrono-block-guideline\"><\/div>\n\t\t<\/div>\n\t\t<div class=\"chrono-block-row\">\n\t\t  <div class=\"chrono-block-guideline\"><\/div>\n\t\t  <div class=\"chrono-block linked start-1 dur-1\"><a href=\"http:\/\/quartocrescente.org\/pt\/journal\/2022\/monthly-update-3\/\">Tarefas das Aulas<\/a><\/div>\n\t\t  <div class=\"chrono-block linked start-7 dur-1\"><a href=\"https:\/\/quartocrescente.org\/pt\/journal\/2022\/research-update-aug22\/\">Tarefas das Aulas<\/a><\/div>\n\t\t<\/div>\n\t\t<div class=\"chrono-block-row\">\n\t\t  <div class=\"chrono-block-guideline\"><\/div>\n\t\t  <div class=\"chrono-block start-9 dur-6\"><p>Faculdade de Ci\u00eancias Sociais e Humanas da UNL<\/p><\/div>\n\t\t  <div class=\"chrono-block start-3 dur-6\"><p>Faculdade de Ci\u00eancias e Tecnologia da UNL<\/p><\/div>\n\t\t<\/div>\n\t  <\/div>\n\t  <div class=\"chrono-block-wrapper\" style=\"z-index:4\" year=\"2022-2023\">\n\t\t<div class=\"chrono-block-header\">\n\t\t  <p>Ano 1 (2022\/2023)<\/p>\n\t\t<\/div>\n\t\t<div class=\"chrono-block-row\">\n\t\t  <div class=\"chrono-block-guideline\"><\/div>\n\t\t  <div class=\"chrono-block start-9 dur-6\"><p>Trabalho Curricular 3\u00ba Semestre<\/p><\/div>\n\t\t  <div class=\"chrono-block start-4 dur-4\"><p>Prepara\u00e7\u00e3o de co-design<\/p><\/div>\n\t\t<\/div>\n\t\t<div class=\"chrono-block-row\">\n\t\t  <div class=\"chrono-block-guideline\"><\/div>\n\t\t  <div class=\"chrono-block start-4 dur-2\"><p>Sele\u00e7\u00e3o de participantes<\/p><\/div>\n\t\t  <div class=\"chrono-block start-6 dur-2\"><p>Avalia\u00e7\u00e3o de base do participante<\/p><\/div>\n\t\t<\/div>\n\t\t<div class=\"chrono-block-row\">\n\t\t  <div class=\"chrono-block-guideline\"><\/div>\n\t\t<\/div>\n\t\t<div class=\"chrono-block-row\">\n\t\t  <div class=\"chrono-block-guideline\"><\/div>\n\t\t  <div class=\"chrono-block start-3 dur-1\"><p>Plano de Tese<\/p><\/div>\n\t\t<\/div>\n\t\t<div class=\"chrono-block-row\">\n\t\t  <div class=\"chrono-block-guideline\"><\/div>\n\t\t  <div class=\"chrono-block start-9 dur-12\"><p>Faculdade de Ci\u00eancias Sociais e Humanas da UNL<\/p><\/div>\n\t\t<\/div>\n\t  <\/div>\n\t  <div class=\"chrono-block-wrapper\" style=\"z-index:3\" year=\"2023-2024\">\n\t\t<div class=\"chrono-block-header\">\n\t\t  <p>Ano 2 (2023\/2024)<\/p>\n\t\t<\/div>\n\t\t<div class=\"chrono-block-row\">\n\t\t  <div class=\"chrono-block-guideline\"><\/div>\n\t\t  <div class=\"chrono-block start-9 dur-4\"><p>Sistematiza\u00e7\u00e3o da pesquisa de desktop de aprendizagem informal<\/p><\/div>\n\t\t<\/div>\n\t\t<div class=\"chrono-block-row\">\n\t\t  <div class=\"chrono-block-guideline\"><\/div>\n\t\t  <div class=\"chrono-block start-9 dur-3\"><p><b>Co-Design<\/b> da Camada 1: Sistema de Sistematiza\u00e7\u00e3o e Entrega de Atividades de Aprendizagem Informal<\/p><\/div>\n\t\t<\/div>\n\t\t<div class=\"chrono-block-row\">\n\t\t  <div class=\"chrono-block-guideline\"><\/div>\n\t\t  <div class=\"chrono-block start-1 dur-6\"><p><b>Prototipagem<\/b> da Camada 1: Sistema de Sistematiza\u00e7\u00e3o e Entrega de Atividades de Aprendizagem Informal<\/p><\/div>\n\t\t<\/div>\n\t\t<div class=\"chrono-block-row\">\n\t\t  <div class=\"chrono-block-guideline\"><\/div>\n\t\t  <div class=\"chrono-block start-12 dur-1\"><p>Especifica\u00e7\u00f5es da Camada 1<\/p><\/div>\n\t\t  <div class=\"chrono-block start-7 dur-1\"><p>Prot\u00f3tipo da Camada 1<\/p><\/div>\n\t\t<\/div>\n\t\t<div class=\"chrono-block-row\">\n\t\t  <div class=\"chrono-block-guideline\"><\/div>\n\t\t  <div class=\"chrono-block start-9 dur-4\"><p>Campo e Escola de Ci\u00eancias Sociais e Humanas da UNL<\/p><\/div>\n\t\t  <div class=\"chrono-block start-1 dur-8\"><p>Faculdade de Ci\u00eancias e Tecnologia da UNL<\/p><\/div>\n\t\t<\/div>\n\t  <\/div>\n\t  <div class=\"chrono-block-wrapper\" style=\"z-index:2\" year=\"2024-2025\">\n\t\t<div class=\"chrono-block-header\">\n\t\t  <p>Ano 3 (2024\/2025)<\/p>\n\t\t<\/div>\n\t\t<div class=\"chrono-block-row\">\n\t\t  <div class=\"chrono-block-guideline\"><\/div>\n\t\t  <div class=\"chrono-block start-9 dur-10\"><p><b>Avalia\u00e7\u00e3o de Impacto<\/b> da Camada 1: Sistematiza\u00e7\u00e3o de Aprendizagem Informal e Sistema de Entrega de Conte\u00fado<\/p><\/div>\n\t\t<\/div>\n\t\t<div class=\"chrono-block-row\">\n\t\t  <div class=\"chrono-block-guideline\"><\/div>\n\t\t  <div class=\"chrono-block start-9 dur-3\"><p><b>Co-Design<\/b> da Camada 2: Jogo e Narrativas para Envolvimento de Aprendizagem Informal<\/p><\/div>\n\t\t<\/div>\n\t\t<div class=\"chrono-block-row\">\n\t\t  <div class=\"chrono-block-guideline\"><\/div>\n\t\t  <div class=\"chrono-block start-1 dur-6\"><p><b>Prototipagem<\/b> da Camada 2: Jogo e Narrativas para Envolvimento de Aprendizagem Informal<\/p><\/div>\n\t\t<\/div>\n\t\t<div class=\"chrono-block-row\">\n\t\t  <div class=\"chrono-block-guideline\"><\/div>\n\t\t  <div class=\"chrono-block start-12 dur-1\"><p>Diretrizes da Camada 2<\/p><\/div>\n\t\t  <div class=\"chrono-block start-7 dur-1\"><p>Prot\u00f3tipo da Camada 2<\/p><\/div>\n\t\t<\/div>\n\t\t<div class=\"chrono-block-row\">\n\t\t  <div class=\"chrono-block-guideline\"><\/div>\n\t\t  <div class=\"chrono-block start-9 dur-6\"><p>Carnegie Mellon University HCII<\/p><\/div>\n\t\t  <div class=\"chrono-block start-3 dur-6\"><p>Faculdade de Ci\u00eancias e Tecnologia da UNL<\/p><\/div>\n\t\t<\/div>\n\t  <\/div>\n\t  <div class=\"chrono-block-wrapper\" style=\"z-index:1\" year=\"2025-2026\">\n\t\t<div class=\"chrono-block-header\">\n\t\t  <p>4\u00ba ano (2025\/2026)<\/p>\n\t\t<\/div>\n\t\t<div class=\"chrono-block-row\">\n\t\t  <div class=\"chrono-block-guideline\"><\/div>\n\t\t  <div class=\"chrono-block start-9 dur-10\"><p><b>Avalia\u00e7\u00e3o de Impacto<\/b> das Camadas 1+2<\/p><\/div>\n\t\t<\/div>\n\t\t<div class=\"chrono-block-row\">\n\t\t  <div class=\"chrono-block-guideline\"><\/div>\n\t\t<\/div>\n\t\t<div class=\"chrono-block-row\">\n\t\t  <div class=\"chrono-block-guideline\"><\/div>\n\t\t<\/div>\n\t\t<div class=\"chrono-block-row\">\n\t\t  <div class=\"chrono-block-guideline\"><\/div>\n\t\t  <div class=\"chrono-block start-6 dur-3\"><p>Tese de doutoramento<\/p><\/div>\n\t\t<\/div>\n\t\t<div class=\"chrono-block-row\">\n\t\t  <div class=\"chrono-block-guideline\"><\/div>\n\t\t  <div class=\"chrono-block start-9 dur-6\"><p>Carnegie Mellon University HCII<\/p><\/div>\n\t\t  <div class=\"chrono-block start-3 dur-6\"><p>Campo e Escola de Ci\u00eancias Sociais e Humanas da UNL<\/p><\/div>\n\t\t<\/div>\n\t  <\/div>\n\t<\/div>\n\t<div class=\"chrono-labels-wrapper\">\n\t  <div class=\"chrono-labels-block chrono-labels-block-1\">\n\t\t<div class=\"chrono-label\">\n\t\t  <p>SET<\/p>\n\t\t<\/div>\n\t\t<div class=\"chrono-label\">\n\t\t  <p>OUT<\/p>\n\t\t<\/div>\n\t\t<div class=\"chrono-label\">\n\t\t  <p>NOV<\/p>\n\t\t<\/div>\n\t\t<div class=\"chrono-label\">\n\t\t  <p>DEZ<\/p>\n\t\t<\/div>\n\t\t<div class=\"chrono-label\">\n\t\t  <p>JAN<\/p>\n\t\t<\/div>\n\t\t<div class=\"chrono-label\">\n\t\t  <p>FEV<\/p>\n\t\t<\/div>\n\t\t<div class=\"chrono-label\">\n\t\t  <p>MAR<\/p>\n\t\t<\/div>\n\t\t<div class=\"chrono-label\">\n\t\t  <p>ABR<\/p>\n\t\t<\/div>\n\t\t<div class=\"chrono-label\">\n\t\t  <p>MAI<\/p>\n\t\t<\/div>\n\t\t<div class=\"chrono-label\">\n\t\t  <p>JUN<\/p>\n\t\t<\/div>\n\t\t<div class=\"chrono-label\">\n\t\t  <p>JUL<\/p>\n\t\t<\/div>\n\t\t<div class=\"chrono-label\">\n\t\t  <p>AGO<\/p>\n\t\t<\/div>\n\t  <\/div>\n\t  <div class=\"chrono-labels-block chrono-labels-block-2\">\n\t\t<div class=\"chrono-label\">\n\t\t  <p>SET<\/p>\n\t\t<\/div>\n\t\t<div class=\"chrono-label\">\n\t\t  <p>OUT<\/p>\n\t\t<\/div>\n\t\t<div class=\"chrono-label\">\n\t\t  <p>NOV<\/p>\n\t\t<\/div>\n\t\t<div class=\"chrono-label\">\n\t\t  <p>DEZ<\/p>\n\t\t<\/div>\n\t\t<div class=\"chrono-label\">\n\t\t  <p>JAN<\/p>\n\t\t<\/div>\n\t\t<div class=\"chrono-label\">\n\t\t  <p>FEV<\/p>\n\t\t<\/div>\n\t\t<div class=\"chrono-label\">\n\t\t  <p>MAR<\/p>\n\t\t<\/div>\n\t\t<div class=\"chrono-label\">\n\t\t  <p>ABR<\/p>\n\t\t<\/div>\n\t\t<div class=\"chrono-label\">\n\t\t  <p>MAI<\/p>\n\t\t<\/div>\n\t\t<div class=\"chrono-label\">\n\t\t  <p>JUN<\/p>\n\t\t<\/div>\n\t\t<div class=\"chrono-label\">\n\t\t  <p>JUL<\/p>\n\t\t<\/div>\n\t\t<div class=\"chrono-label\">\n\t\t  <p>AGO<\/p>\n\t\t<\/div>\n\t  <\/div>\n\t  <div class=\"chrono-labels-block chrono-labels-block-3\">\n\t\t<div class=\"chrono-label\">\n\t\t  <p>SET<\/p>\n\t\t<\/div>\n\t\t<div class=\"chrono-label\">\n\t\t  <p>OUT<\/p>\n\t\t<\/div>\n\t\t<div class=\"chrono-label\">\n\t\t  <p>NOV<\/p>\n\t\t<\/div>\n\t\t<div class=\"chrono-label\">\n\t\t  <p>DEZ<\/p>\n\t\t<\/div>\n\t\t<div class=\"chrono-label\">\n\t\t  <p>JAN<\/p>\n\t\t<\/div>\n\t\t<div class=\"chrono-label\">\n\t\t  <p>FEV<\/p>\n\t\t<\/div>\n\t\t<div class=\"chrono-label\">\n\t\t  <p>MAR<\/p>\n\t\t<\/div>\n\t\t<div class=\"chrono-label\">\n\t\t  <p>ABR<\/p>\n\t\t<\/div>\n\t\t<div class=\"chrono-label\">\n\t\t  <p>MAI<\/p>\n\t\t<\/div>\n\t\t<div class=\"chrono-label\">\n\t\t  <p>JUN<\/p>\n\t\t<\/div>\n\t\t<div class=\"chrono-label\">\n\t\t  <p>JUL<\/p>\n\t\t<\/div>\n\t\t<div class=\"chrono-label\">\n\t\t  <p>AGO<\/p>\n\t\t<\/div>\n\t  <\/div>\n\t  <div class=\"chrono-labels-block chrono-labels-block-4\">\n\t\t<div class=\"chrono-label\">\n\t\t  <p>SET<\/p>\n\t\t<\/div>\n\t\t<div class=\"chrono-label\">\n\t\t  <p>OUT<\/p>\n\t\t<\/div>\n\t\t<div class=\"chrono-label\">\n\t\t  <p>NOV<\/p>\n\t\t<\/div>\n\t\t<div class=\"chrono-label\">\n\t\t  <p>DEZ<\/p>\n\t\t<\/div>\n\t\t<div class=\"chrono-label\">\n\t\t  <p>JAN<\/p>\n\t\t<\/div>\n\t\t<div class=\"chrono-label\">\n\t\t  <p>FEV<\/p>\n\t\t<\/div>\n\t\t<div class=\"chrono-label\">\n\t\t  <p>MAR<\/p>\n\t\t<\/div>\n\t\t<div class=\"chrono-label\">\n\t\t  <p>ABR<\/p>\n\t\t<\/div>\n\t\t<div class=\"chrono-label\">\n\t\t  <p>MAI<\/p>\n\t\t<\/div>\n\t\t<div class=\"chrono-label\">\n\t\t  <p>JUN<\/p>\n\t\t<\/div>\n\t\t<div class=\"chrono-label\">\n\t\t  <p>JUL<\/p>\n\t\t<\/div>\n\t\t<div class=\"chrono-label\">\n\t\t  <p>AGO<\/p>\n\t\t<\/div>\n\t  <\/div>\n\t  <div class=\"chrono-labels-block chrono-labels-block-5\">\n\t\t<div class=\"chrono-label\">\n\t\t  <p>SET<\/p>\n\t\t<\/div>\n\t\t<div class=\"chrono-label\">\n\t\t  <p>OUT<\/p>\n\t\t<\/div>\n\t\t<div class=\"chrono-label\">\n\t\t  <p>NOV<\/p>\n\t\t<\/div>\n\t\t<div class=\"chrono-label\">\n\t\t  <p>DEZ<\/p>\n\t\t<\/div>\n\t\t<div class=\"chrono-label\">\n\t\t  <p>JAN<\/p>\n\t\t<\/div>\n\t\t<div class=\"chrono-label\">\n\t\t  <p>FEV<\/p>\n\t\t<\/div>\n\t\t<div class=\"chrono-label\">\n\t\t  <p>MAR<\/p>\n\t\t<\/div>\n\t\t<div class=\"chrono-label\">\n\t\t  <p>ABR<\/p>\n\t\t<\/div>\n\t\t<div class=\"chrono-label\">\n\t\t  <p>MAI<\/p>\n\t\t<\/div>\n\t\t<div class=\"chrono-label\">\n\t\t  <p>JUN<\/p>\n\t\t<\/div>\n\t\t<div class=\"chrono-label\">\n\t\t  <p>JUL<\/p>\n\t\t<\/div>\n\t\t<div class=\"chrono-label\">\n\t\t  <p>AGO<\/p>\n\t\t<\/div>\n\t  <\/div>\n\t<\/div>\n  <\/div>\n<\/div>\n<\/div><\/div>\n\n\n\n<div class=\"wp-block-group alignwide\"><div class=\"wp-block-group__inner-container is-layout-flow wp-block-group-is-layout-flow\">\n<h2 class=\"wp-block-heading alignwide no-left-padding\" id=\"motivation\">Motiva\u00e7\u00e3o<\/h2>\n\n\n\n<hr class=\"wp-block-separator has-css-opacity is-style-default\"\/>\n\n\n<div class=\"wp-block-image is-style-rounded is-style-twentytwentyone-border lumin-effect\">\n<figure class=\"aligncenter size-thumbnail\"><img loading=\"lazy\" decoding=\"async\" width=\"150\" height=\"150\" src=\"https:\/\/quartocrescente.org\/wp-content\/uploads\/2024\/01\/cropped-pedro-150x150.png\" alt=\"\" class=\"wp-image-4799\" srcset=\"https:\/\/quartocrescente.org\/wp-content\/uploads\/2024\/01\/cropped-pedro-150x150.png 150w, https:\/\/quartocrescente.org\/wp-content\/uploads\/2024\/01\/cropped-pedro-300x300.png 300w, https:\/\/quartocrescente.org\/wp-content\/uploads\/2024\/01\/cropped-pedro-12x12.png 12w, https:\/\/quartocrescente.org\/wp-content\/uploads\/2024\/01\/cropped-pedro.png 706w\" sizes=\"auto, (max-width: 150px) 100vw, 150px\" \/><\/figure>\n<\/div>\n\n\n<div class=\"wp-block-columns alignwide is-layout-flex wp-container-core-columns-is-layout-9d6595d7 wp-block-columns-is-layout-flex\">\n<div class=\"wp-block-column is-layout-flow wp-block-column-is-layout-flow\">\n<p class=\"has-drop-cap has-extra-small-font-size\">Tenho o privil\u00e9gio de ter me beneficiado de uma experi\u00eancia de ensino fundamental que ainda hoje prezo com muito carinho, considero como uma base fundamental e credito uma influ\u00eancia determinante nas oportunidades de realiza\u00e7\u00e3o pessoal \u00e0s quais fui exposto desde ent\u00e3o. Reconhe\u00e7o um forte v\u00ednculo com essa experi\u00eancia de vida inicial e as pessoas que a fizeram \u2013 colegas, todos os funcion\u00e1rios da escola, amigos e familiares \u2013 que normalmente n\u00e3o vejo igualados. Meu entendimento, como benefici\u00e1rio, \u00e9 que essa experi\u00eancia s\u00f3 foi poss\u00edvel devido ao encontro de funcion\u00e1rios escolares excepcionalmente qualificados, atenciosos e implac\u00e1veis com uma vis\u00e3o muito positiva em rela\u00e7\u00e3o \u00e0 educa\u00e7\u00e3o infantil, o que se refletiu na introdu\u00e7\u00e3o de m\u00e9todos educacionais inovadores \u2013 no sentido de sua humanidade.<\/p>\n\n\n\n<p class=\"has-extra-small-font-size\">Um desses m\u00e9todos \u00e9 um di\u00e1rio de parede, baseado na pedagogia de Freinet, afixado em cada sala de aula, onde as crian\u00e7as eram instigadas a propor atividades extracurriculares para a turma, por meio de escrita ou desenho, que eram discutidas coletivamente em reuni\u00f5es realizadas semanalmente.<\/p>\n\n\n\n<p class=\"has-extra-small-font-size\">Outra \u00e9 a nossa imers\u00e3o em universos de fantasia, primeiro com sess\u00f5es de audi\u00e7\u00e3o de hist\u00f3rias em sala de aula e depois com a nossa incorpora\u00e7\u00e3o nos universos dessas hist\u00f3rias, nos nossos tempos e espa\u00e7os, atrav\u00e9s de atividades educativas que n\u00e3o s\u00f3 estavam relacionadas com elas, mas que nos faziam sentir no meio delas.<\/p>\n<\/div>\n\n\n\n<div class=\"wp-block-column is-layout-flow wp-block-column-is-layout-flow\">\n<p class=\"has-extra-small-font-size\">Lembro-me com carinho da emo\u00e7\u00e3o de procurar pistas nas proximidades da nossa escola para desvendar os segredos do Rei Arthur e da T\u00e1vola Redonda, depois de ler a trilogia de Michel Rio, e tenho a paisagem de Terramar como um lugar para onde a escola \u00e0s vezes viajava, a partir dos contos de Ursula K. Le Guin.<\/p>\n\n\n\n<p class=\"has-extra-small-font-size\">Imagino a possibilidade de fazer com que essa experi\u00eancia alcance mais crian\u00e7as, capacitando cuidadores como contadores de hist\u00f3rias e fornecendo a eles uma estrutura para dramatiza\u00e7\u00e3o que vincule atividades informais de aprendizagem e objetivos de desenvolvimento das crian\u00e7as com narrativas fant\u00e1sticas nas quais as crian\u00e7as s\u00e3o protagonistas.<\/p>\n\n\n\n<p class=\"has-extra-small-font-size\">Acredito que tal plataforma pode contribuir para nivelar o engajamento de crian\u00e7as e suas fam\u00edlias em sua aprendizagem informal fora da escola e, com isso, ajudar a mitigar desigualdades educacionais. Para tanto, e para avaliar essa contribui\u00e7\u00e3o, considera-se fundamental co-projetar esta plataforma com uma amostra diversa de contextos educacionais.<\/p>\n\n\n\n<p class=\"has-extra-small-font-size\">H\u00e1 um comprometimento com o tema da aprendizagem informal na inf\u00e2ncia e seu co-design que pretende ir al\u00e9m deste projeto. Para declarar isso, o laborat\u00f3rio Quarto Crescente \u00e9 fundado informalmente, com a esperan\u00e7a de que uma comunidade comece a se reunir em torno dele e que sementes sejam plantadas para trabalhos futuros, pois eu ficaria muito feliz com a chance de assumir isso como uma causa para toda a carreira.<\/p>\n<\/div>\n<\/div>\n\n\n\n<div class=\"wp-block-columns alignwide is-layout-flex wp-container-core-columns-is-layout-9d6595d7 wp-block-columns-is-layout-flex\">\n<div class=\"wp-block-column is-layout-flow wp-block-column-is-layout-flow\" style=\"flex-basis:100%\">\n<p class=\"has-text-align-right has-extra-small-font-size\">\u2014 <em>Pedro Silva Ferreira, Investigador Proponente<\/em><\/p>\n<\/div>\n<\/div>\n\n\n\n<div class=\"wp-block-cover alignwide is-light has-custom-content-position is-position-bottom-center is-style-twentytwentyone-border lumin-effect\"><span aria-hidden=\"true\" class=\"wp-block-cover__background has-background-dim-0 has-background-dim\"><\/span><img loading=\"lazy\" decoding=\"async\" width=\"1024\" height=\"664\" class=\"wp-block-cover__image-background wp-image-1607\" alt=\"\" src=\"http:\/\/quartocrescente.org\/wp-content\/uploads\/2021\/11\/51742019_2573208639362720_3332553416609103872_n-1024x664.jpg\" data-object-fit=\"cover\" srcset=\"https:\/\/quartocrescente.org\/wp-content\/uploads\/2021\/11\/51742019_2573208639362720_3332553416609103872_n-1024x664.jpg 1024w, https:\/\/quartocrescente.org\/wp-content\/uploads\/2021\/11\/51742019_2573208639362720_3332553416609103872_n-300x194.jpg 300w, https:\/\/quartocrescente.org\/wp-content\/uploads\/2021\/11\/51742019_2573208639362720_3332553416609103872_n-768x498.jpg 768w, https:\/\/quartocrescente.org\/wp-content\/uploads\/2021\/11\/51742019_2573208639362720_3332553416609103872_n-18x12.jpg 18w, https:\/\/quartocrescente.org\/wp-content\/uploads\/2021\/11\/51742019_2573208639362720_3332553416609103872_n.jpg 1500w\" sizes=\"auto, (max-width: 1024px) 100vw, 1024px\" \/><div class=\"wp-block-cover__inner-container is-layout-flow wp-block-cover-is-layout-flow\">\n<p class=\"has-extra-small-font-size\">Tr\u00eas bons amigos na cooperativa \u201cA Torre\u201d, escola pr\u00e9-escolar e prim\u00e1ria em Lisboa, Portugal. Este investigador \u00e0 esquerda.<\/p>\n<\/div><\/div>\n\n\n\n<div class=\"wp-block-cover alignwide has-custom-content-position is-position-bottom-center is-style-twentytwentyone-border lumin-effect\"><span aria-hidden=\"true\" class=\"wp-block-cover__background has-background-dim-0 has-background-dim\"><\/span><img loading=\"lazy\" decoding=\"async\" width=\"1479\" height=\"547\" class=\"wp-block-cover__image-background wp-image-3153\" alt=\"\" src=\"http:\/\/quartocrescente.org\/wp-content\/uploads\/2022\/02\/ezgif.com-gif-maker-3.png\" data-object-fit=\"cover\" srcset=\"https:\/\/quartocrescente.org\/wp-content\/uploads\/2022\/02\/ezgif.com-gif-maker-3.png 1479w, https:\/\/quartocrescente.org\/wp-content\/uploads\/2022\/02\/ezgif.com-gif-maker-3-300x111.png 300w, https:\/\/quartocrescente.org\/wp-content\/uploads\/2022\/02\/ezgif.com-gif-maker-3-1024x379.png 1024w, https:\/\/quartocrescente.org\/wp-content\/uploads\/2022\/02\/ezgif.com-gif-maker-3-768x284.png 768w, https:\/\/quartocrescente.org\/wp-content\/uploads\/2022\/02\/ezgif.com-gif-maker-3-18x7.png 18w\" sizes=\"auto, (max-width: 1479px) 100vw, 1479px\" \/><div class=\"wp-block-cover__inner-container is-layout-flow wp-block-cover-is-layout-flow\">\n<p class=\"has-extra-small-font-size\">\u201cJornal de Parede\u201d e \u201cQueremos Fazer\u201d. Fonte: <a href=\"https:\/\/atorre.pt\/\" target=\"_blank\" rel=\"noreferrer noopener\">Cooperativa A Torre <\/a><\/p>\n<\/div><\/div>\n\n\n\n<hr class=\"wp-block-separator has-css-opacity is-style-default\"\/>\n<\/div><\/div>\n\n\n\n<div class=\"wp-block-group alignwide\"><div class=\"wp-block-group__inner-container is-layout-flow wp-block-group-is-layout-flow\">\n<h2 class=\"wp-block-heading alignwide no-left-padding\" id=\"setting-hosting\">Percurso do Investigador<\/h2>\n\n\n\n<div class=\"wp-block-columns alignwide is-layout-flex wp-container-core-columns-is-layout-9d6595d7 wp-block-columns-is-layout-flex\">\n<div class=\"wp-block-column is-layout-flow wp-block-column-is-layout-flow\">\n<p class=\"has-drop-cap has-extra-small-font-size\">O campo da Intera\u00e7\u00e3o Humano-Computador e meu interesse nele foram revelados a mim pela primeira vez por meio da submiss\u00e3o proativa a um concurso de projetos da faculdade, um projeto chamado Mosaico que considerava um sistema operacional espacial. Essa iniciativa foi reconhecida pelo corpo docente e levou ao convite para co-representar a faculdade inscrita em um concurso nacional de inova\u00e7\u00e3o para a rede el\u00e9trica, que premiaria nosso projeto EGGY como vencedor (2014). Vejo minha contribui\u00e7\u00e3o como uma considera\u00e7\u00e3o de afastamento do determinismo tecnol\u00f3gico, que acabou sendo muito presente na proposta final \u2013 o EGGY n\u00e3o era t\u00e3o inovador tecnologicamente quanto era em como a tecnologia era incorporada \u00e0s pr\u00e1ticas e motiva\u00e7\u00f5es do usu\u00e1rio. Ele se propunha a facilitar a conscientiza\u00e7\u00e3o de comportamentos, em vez de vari\u00e1veis el\u00e9tricas precisas, mas frequentemente inintelig\u00edveis e inacion\u00e1veis, e a introduzir um jogo social para manter o usu\u00e1rio no circuito do sistema. Assumi fun\u00e7\u00f5es de propriedade e desenvolvimento do produto, que inclu\u00edam tarefas como a coordena\u00e7\u00e3o de equipes terceirizadas de desenvolvedores e designers e o gerenciamento do relacionamento com a empresa de servi\u00e7os p\u00fablicos que financiou este projeto.<\/p>\n\n\n\n<p class=\"has-extra-small-font-size\">Para dar continuidade a este projeto, reconheci que deveria desenvolver meu conjunto de ferramentas e conhecimento em pesquisa qualitativa e pr\u00e1ticas de codesign por meio de parcerias com profissionais experientes nesta \u00e1rea, e ent\u00e3o entrei para uma empresa de consultoria em design de experi\u00eancia do usu\u00e1rio.<\/p>\n\n\n\n<p class=\"has-extra-small-font-size\">Essas ferramentas seriam utilizadas em um retorno \u00e0 academia como <a href=\"http:\/\/linkedin.com\/pulse\/mais-do-que-vem-na-rede-ser-pesca-pedro-ferreira\/\" target=\"_blank\" rel=\"noreferrer noopener\">projeto para a sustentabilidade e seguran\u00e7a da pesca artesanal<\/a> foi contratado posteriormente (2020), desempenhando uma fun\u00e7\u00e3o de designer e desenvolvedor de produto l\u00edder que tamb\u00e9m inclu\u00eda tarefas de pesquisa de campo e gerenciamento de sess\u00f5es de co-design.<\/p>\n\n\n\n<p class=\"has-extra-small-font-size\">Considerando-me preparado para investir totalmente na minha carreira acad\u00eamica em HCI, propus este projeto em 2021.<\/p>\n<\/div>\n<\/div>\n\n\n\n<div class=\"wp-block-columns alignwide is-layout-flex wp-container-core-columns-is-layout-9d6595d7 wp-block-columns-is-layout-flex\">\n<div class=\"wp-block-column is-layout-flow wp-block-column-is-layout-flow\" style=\"flex-basis:100%\">\n<p class=\"has-text-align-right has-extra-small-font-size\">\u2014 <em>Pedro S. Ferreira, Doutorando, Investigador do Projeto<\/em><\/p>\n<\/div>\n<\/div>\n<\/div><\/div>\n\n\n\n<div class=\"wp-block-group alignwide\"><div class=\"wp-block-group__inner-container is-layout-flow wp-block-group-is-layout-flow\">\n<h2 class=\"wp-block-heading alignwide no-left-padding\" id=\"setting-hosting\">Contexto e Acolhimento<\/h2>\n\n\n\n<div class=\"wp-block-columns alignwide is-layout-flex wp-container-core-columns-is-layout-9d6595d7 wp-block-columns-is-layout-flex\">\n<div class=\"wp-block-column is-layout-flow wp-block-column-is-layout-flow\">\n<p class=\"has-drop-cap has-extra-small-font-size\">Este trabalho de investiga\u00e7\u00e3o est\u00e1 a ser desenvolvido no \u00e2mbito do <a href=\"https:\/\/www.fcsh.unl.pt\/cursos\/doutoramento_em_media_digitais\/\" target=\"_blank\" rel=\"noopener\">Programa Doutoral em Media Digitais<\/a>, oferecido em cons\u00f3rcio pela Universidade Nova de Lisboa (UNL) e Universidade do Porto (UP), para especializa\u00e7\u00e3o em Cria\u00e7\u00e3o Audiovisual e Conte\u00fados Interativos. A inscri\u00e7\u00e3o na UNL, no ano letivo de 2021\/2022, contempla a realiza\u00e7\u00e3o deste trabalho de investiga\u00e7\u00e3o entre as faculdades de Ci\u00eancias e Tecnologia (FCT) e de Ci\u00eancias Sociais e Humanas (FCSH) desta institui\u00e7\u00e3o. A aprova\u00e7\u00e3o deste plano de trabalho, em Fevereiro de 2023, garantiu a sua incuba\u00e7\u00e3o no centro de investiga\u00e7\u00e3o ICNOVA e no grupo de investiga\u00e7\u00e3o iNOVA Media Lab da FCSH. Considera tr\u00eas orientadores, representando respectivamente os dom\u00ednios de conhecimento dos media e a educa\u00e7\u00e3o (<a href=\"https:\/\/quartocrescente.org\/pt\/people\/\">Cristina Ponte<\/a>, UNL, Portugal), tecnologia da informa\u00e7\u00e3o (<a href=\"https:\/\/quartocrescente.org\/pt\/people\/\">Nuno Correia<\/a>, UNL, Portugal), e jogos e narrativas para a mudan\u00e7a social (<a href=\"https:\/\/quartocrescente.org\/pt\/people\/\">Geoff Kaufman<\/a>, CMU, EUA).<\/p>\n<\/div>\n<\/div>\n<\/div><\/div>","protected":false},"excerpt":{"rendered":"<p>Um Jogo de Aventura Narrativa Integrado a um Sistema Informal de Gest\u00e3o da Aprendizagem para o Ensino Fundamental. Resumo: A ampla ado\u00e7\u00e3o do ensino domiciliar em todo o mundo, impulsionada pela pandemia de Covid-19, trouxe \u00e0 tona as desigualdades nos ambientes de aprendizagem domiciliar das crian\u00e7as, o que, segundo pesquisas, limita muito as oportunidades de mobilidade social e prejudica as democracias. Tamb\u00e9m evidenciou a falta de ferramentas\u2026 <a class=\"more-link\" href=\"https:\/\/quartocrescente.org\/pt\/resume\/\">Continue lendo <span class=\"screen-reader-text\">Sobre<\/span><\/a><\/p>","protected":false},"author":1,"featured_media":0,"parent":0,"menu_order":0,"comment_status":"closed","ping_status":"closed","template":"","meta":{"inline_featured_image":false,"_uag_custom_page_level_css":"","_lmt_disableupdate":"no","_lmt_disable":"no","footnotes":""},"class_list":["post-7","page","type-page","status-publish","hentry","entry"],"uagb_featured_image_src":{"full":false,"thumbnail":false,"medium":false,"medium_large":false,"large":false,"1536x1536":false,"2048x2048":false,"trp-custom-language-flag":false,"post-thumbnail":false},"uagb_author_info":{"display_name":"Pedro Silva Ferreira","author_link":"https:\/\/quartocrescente.org\/pt\/journal\/author\/quartocr_manager\/"},"uagb_comment_info":0,"uagb_excerpt":"An Informal Learning Management System embedded Narrative Adventure Game for Primary Education Abstract The widespread adoption of home-schooling around the world precipitated by the Covid-19 pandemic has brought afloat the inequalities in children&#8217;s home learning environments which, according to research, much limit social mobility opportunities and undermine democracies. It also highlighted the lack of tools&hellip;&hellip;","_links":{"self":[{"href":"https:\/\/quartocrescente.org\/pt\/wp-json\/wp\/v2\/pages\/7","targetHints":{"allow":["GET"]}}],"collection":[{"href":"https:\/\/quartocrescente.org\/pt\/wp-json\/wp\/v2\/pages"}],"about":[{"href":"https:\/\/quartocrescente.org\/pt\/wp-json\/wp\/v2\/types\/page"}],"author":[{"embeddable":true,"href":"https:\/\/quartocrescente.org\/pt\/wp-json\/wp\/v2\/users\/1"}],"replies":[{"embeddable":true,"href":"https:\/\/quartocrescente.org\/pt\/wp-json\/wp\/v2\/comments?post=7"}],"version-history":[{"count":485,"href":"https:\/\/quartocrescente.org\/pt\/wp-json\/wp\/v2\/pages\/7\/revisions"}],"predecessor-version":[{"id":5025,"href":"https:\/\/quartocrescente.org\/pt\/wp-json\/wp\/v2\/pages\/7\/revisions\/5025"}],"wp:attachment":[{"href":"https:\/\/quartocrescente.org\/pt\/wp-json\/wp\/v2\/media?parent=7"}],"curies":[{"name":"wp","href":"https:\/\/api.w.org\/{rel}","templated":true}]}}