{"id":197,"date":"2021-10-01T14:59:27","date_gmt":"2021-10-01T14:59:27","guid":{"rendered":"http:\/\/quartocrescente.org\/?page_id=197"},"modified":"2025-03-14T03:53:52","modified_gmt":"2025-03-14T03:53:52","slug":"people","status":"publish","type":"page","link":"https:\/\/quartocrescente.org\/pt\/people\/","title":{"rendered":"Pessoas"},"content":{"rendered":"<div class=\"wp-block-columns alignfull is-layout-flex wp-container-core-columns-is-layout-9d6595d7 wp-block-columns-is-layout-flex\">\n<div class=\"wp-block-column is-layout-flow wp-block-column-is-layout-flow\">\n<div class=\"wp-block-columns people-block is-layout-flex wp-container-core-columns-is-layout-9d6595d7 wp-block-columns-is-layout-flex\">\n<div class=\"wp-block-column is-layout-flow wp-block-column-is-layout-flow\">\n<div class=\"wp-block-media-text alignwide is-stacked-on-mobile is-style-default lumin-effect cristina-media\" style=\"grid-template-columns:22% auto\"><figure class=\"wp-block-media-text__media\"><img loading=\"lazy\" decoding=\"async\" width=\"745\" height=\"1024\" src=\"http:\/\/quartocrescente.org\/wp-content\/uploads\/2022\/11\/cristina-745x1024.png\" alt=\"\" class=\"wp-image-4307 size-full\" srcset=\"https:\/\/quartocrescente.org\/wp-content\/uploads\/2022\/11\/cristina-745x1024.png 745w, https:\/\/quartocrescente.org\/wp-content\/uploads\/2022\/11\/cristina-218x300.png 218w, https:\/\/quartocrescente.org\/wp-content\/uploads\/2022\/11\/cristina-768x1056.png 768w, https:\/\/quartocrescente.org\/wp-content\/uploads\/2022\/11\/cristina-1117x1536.png 1117w, https:\/\/quartocrescente.org\/wp-content\/uploads\/2022\/11\/cristina-1490x2048.png 1490w, https:\/\/quartocrescente.org\/wp-content\/uploads\/2022\/11\/cristina-9x12.png 9w, https:\/\/quartocrescente.org\/wp-content\/uploads\/2022\/11\/cristina-1568x2155.png 1568w\" sizes=\"auto, (max-width: 745px) 100vw, 745px\" \/><\/figure><div class=\"wp-block-media-text__content\">\n<p class=\"no-topbottom-margin has-large-font-size\">Cristina Ponte <\/p>\n\n\n\n<p class=\"no-top-margin has-large-font-size\">Orientadora - Media e Educa\u00e7\u00e3o<\/p>\n\n\n\n<div class=\"wp-block-buttons people-buttons-left is-horizontal is-content-justification-left is-layout-flex wp-container-core-buttons-is-layout-7e5fce0a wp-block-buttons-is-layout-flex\">\n<div class=\"wp-block-button\"><a class=\"wp-block-button__link wp-element-button\" href=\"https:\/\/orcid.org\/0000-0002-1534-4784\" target=\"_blank\" rel=\"noreferrer noopener\"><i class=\"fab fa-orcid\"><\/i><\/a><\/div>\n\n\n\n<div class=\"wp-block-button\"><a class=\"wp-block-button__link wp-element-button\" href=\"https:\/\/novaresearch.unl.pt\/en\/persons\/cristina-ponte\" target=\"_blank\" rel=\"noreferrer noopener\"><i class=\"fas fa-link\"><\/i><\/a><\/div>\n<\/div>\n\n\n\n<p class=\"no-topbottom-margin\">Professor(a) Catedr\u00e1tico\/a<\/p>\n\n\n\n<p class=\"no-topbottom-margin\">Departamento de Ci\u00eancias da Comunica\u00e7\u00e3o<\/p>\n\n\n\n<p class=\"no-topbottom-margin\">Faculdade de Ci\u00eancias Sociais e Humanas (FCSH)<\/p>\n\n\n\n<p class=\"no-topbottom-margin\">Universidade de Nova Lisboa (UNL), Portugal<\/p>\n<\/div><\/div>\n<\/div>\n\n\n\n<div class=\"wp-block-column is-vertically-aligned-center is-layout-flow wp-block-column-is-layout-flow\">\n<pre class=\"wp-block-verse doodle-border one-rem-padded\">Doutorada em Ci\u00eancias da Comunica\u00e7\u00e3o (2002), Cristina Ponte \u00e9 Professora Catedr\u00e1tica em Estudos de Media e Jornalismo (2019) na FCSH, Universidade NOVA de Lisboa. Desde 2006, Cristina \u00e9 coordenadora da equipa portuguesa na rede EU Kids Online; Foi vice-presidente da Sec\u00e7\u00e3o de Recep\u00e7\u00e3o e Audi\u00eancia e do Grupo de Trabalho Tempor\u00e1rio sobre Crian\u00e7as, Jovens e Media (2012\/...) da ECREA, European Communication Research and Education Association.<\/pre>\n<\/div>\n<\/div>\n\n\n\n<hr class=\"wp-block-separator has-css-opacity alignwide is-style-default\"\/>\n\n\n\n<div class=\"wp-block-columns people-block is-layout-flex wp-container-core-columns-is-layout-9d6595d7 wp-block-columns-is-layout-flex\">\n<div class=\"wp-block-column is-vertically-aligned-center is-layout-flow wp-block-column-is-layout-flow\">\n<pre class=\"wp-block-verse doodle-border one-rem-padded\">Professor Catedr\u00e1tico do Departamento de Inform\u00e1tica da Faculdade de Ci\u00eancias e Tecnologia da Universidade NOVA de Lisboa. Nuno \u00e9 o coordenador da \u00e1rea de Sistemas Multimodais da unidade de investiga\u00e7\u00e3o NOVA-LINCS. Atualmente \u00e9 coordenador do programa de doutoramento em Ci\u00eancia de Computadores e coordenador do programa de doutoramento em Media Digitais da FCT NOVA. Os seus interesses de investiga\u00e7\u00e3o abrangem v\u00e1rios aspetos de multim\u00e9dia interativa, criatividade, patrim\u00f3nio cultural e artes digitais. <\/pre>\n<\/div>\n\n\n\n<div class=\"wp-block-column is-vertically-aligned-center is-layout-flow wp-block-column-is-layout-flow\">\n<div class=\"wp-block-media-text alignwide has-media-on-the-right is-stacked-on-mobile is-style-default lumin-effect nuno-media\" style=\"grid-template-columns:auto 22%\"><div class=\"wp-block-media-text__content\">\n<p class=\"has-text-align-right no-topbottom-margin has-large-font-size\">Nuno Correia <\/p>\n\n\n\n<p class=\"has-text-align-right no-top-margin has-large-font-size\">Co-Orientador \u2013 Inform\u00e1tica<\/p>\n\n\n\n<div class=\"wp-block-group\"><div class=\"wp-block-group__inner-container is-layout-flow wp-block-group-is-layout-flow\">\n<div class=\"wp-block-buttons right-media-buttons is-horizontal is-content-justification-right is-layout-flex wp-container-core-buttons-is-layout-ae2fe186 wp-block-buttons-is-layout-flex\">\n<div class=\"wp-block-button\"><a class=\"wp-block-button__link wp-element-button\" href=\"http:\/\/orcid.org\/0000-0002-8704-6698\" target=\"_blank\" rel=\"noreferrer noopener\"><i class=\"fab fa-orcid\"><\/i><\/a><\/div>\n\n\n\n<div class=\"wp-block-button\"><a class=\"wp-block-button__link wp-element-button\" href=\"https:\/\/novaresearch.unl.pt\/en\/persons\/nuno-manuel-robalo-correia\" target=\"_blank\" rel=\"noreferrer noopener\"><i class=\"fas fa-link\"><\/i><\/a><\/div>\n<\/div>\n<\/div><\/div>\n\n\n\n<p class=\"has-text-align-right no-topbottom-margin\">Professor(a) Catedr\u00e1tico\/a<\/p>\n\n\n\n<p class=\"has-text-align-right no-topbottom-margin\">Departamento de Ci\u00eancia da Computa\u00e7\u00e3o<\/p>\n\n\n\n<p class=\"has-text-align-right no-topbottom-margin\">Faculdade de Ci\u00eancias e Tecnologia (FCT)<\/p>\n\n\n\n<p class=\"has-text-align-right no-topbottom-margin\">Universidade de Nova Lisboa (UNL), Portugal<\/p>\n<\/div><figure class=\"wp-block-media-text__media\"><img loading=\"lazy\" decoding=\"async\" width=\"328\" height=\"450\" src=\"http:\/\/quartocrescente.org\/wp-content\/uploads\/2021\/11\/nuno.png\" alt=\"\" class=\"wp-image-1683 size-full\" srcset=\"https:\/\/quartocrescente.org\/wp-content\/uploads\/2021\/11\/nuno.png 328w, https:\/\/quartocrescente.org\/wp-content\/uploads\/2021\/11\/nuno-219x300.png 219w, https:\/\/quartocrescente.org\/wp-content\/uploads\/2021\/11\/nuno-9x12.png 9w\" sizes=\"auto, (max-width: 328px) 100vw, 328px\" \/><\/figure><\/div>\n<\/div>\n<\/div>\n\n\n\n<hr class=\"wp-block-separator has-css-opacity alignwide is-style-default\"\/>\n\n\n\n<div class=\"wp-block-columns people-block is-layout-flex wp-container-core-columns-is-layout-9d6595d7 wp-block-columns-is-layout-flex\">\n<div class=\"wp-block-column is-layout-flow wp-block-column-is-layout-flow\">\n<div class=\"wp-block-media-text alignwide is-stacked-on-mobile is-style-default lumin-effect geoff-media\" style=\"grid-template-columns:22% auto\"><figure class=\"wp-block-media-text__media\"><img loading=\"lazy\" decoding=\"async\" width=\"308\" height=\"422\" src=\"http:\/\/quartocrescente.org\/wp-content\/uploads\/2021\/10\/geoff.png\" alt=\"\" class=\"wp-image-823 size-full\" srcset=\"https:\/\/quartocrescente.org\/wp-content\/uploads\/2021\/10\/geoff.png 308w, https:\/\/quartocrescente.org\/wp-content\/uploads\/2021\/10\/geoff-219x300.png 219w, https:\/\/quartocrescente.org\/wp-content\/uploads\/2021\/10\/geoff-9x12.png 9w\" sizes=\"auto, (max-width: 308px) 100vw, 308px\" \/><\/figure><div class=\"wp-block-media-text__content\">\n<p class=\"no-topbottom-margin has-large-font-size\">Geoff Kaufman <\/p>\n\n\n\n<p class=\"no-top-margin has-large-font-size\">Co-Orientador - Jogo e Narrativas <\/p>\n\n\n\n<div class=\"wp-block-buttons people-buttons-left is-content-justification-left is-layout-flex wp-container-core-buttons-is-layout-76ea2f42 wp-block-buttons-is-layout-flex\">\n<div class=\"wp-block-button\"><a class=\"wp-block-button__link wp-element-button\" href=\"https:\/\/orcid.org\/0000-0002-0123-3792\" target=\"_blank\" rel=\"noreferrer noopener\"><i class=\"fab fa-orcid\"><\/i><\/a><\/div>\n\n\n\n<div class=\"wp-block-button\"><a class=\"wp-block-button__link wp-element-button\" href=\"https:\/\/www.researchgate.net\/profile\/Geoff-Kaufman\" target=\"_blank\" rel=\"noreferrer noopener\"><i class=\"fas fa-link\"><\/i><\/a><\/div>\n<\/div>\n\n\n\n<p class=\"no-topbottom-margin\">Professor Associado<\/p>\n\n\n\n<p class=\"no-topbottom-margin\">Instituto de Intera\u00e7\u00e3o Humano-Computador (HCII)<\/p>\n\n\n\n<p class=\"no-topbottom-margin\">Carnegie Mellon University (CMU), EUA<\/p>\n<\/div><\/div>\n<\/div>\n\n\n\n<div class=\"wp-block-column is-vertically-aligned-center is-layout-flow wp-block-column-is-layout-flow\">\n<pre class=\"wp-block-verse doodle-border one-rem-padded\">Professor Associado Robert E. Kraut em Intera\u00e7\u00e3o Homem-M\u00e1quina e Diretor de programa de doutoramento. O trabalho de Geoff est\u00e1 focado no estudo do impacto psicol\u00f3gico\/social de narrativas ficcionais, jogos e intera\u00e7\u00f5es mediadas por computador; no descobrir e verificar empiricamente de vari\u00e1veis espec\u00edficas do utilizador, espec\u00edficas do projeto e situacionais que aumentam esse impacto; no extrapolar de t\u00e9cnicas e melhores pr\u00e1ticas para a cria\u00e7\u00e3o de hist\u00f3rias, jogos e novas tecnologias como \u201cinterven\u00e7\u00f5es\u201d para a mudan\u00e7a social.<\/pre>\n<\/div>\n<\/div>\n\n\n\n<hr class=\"wp-block-separator has-css-opacity alignwide is-style-default\"\/>\n\n\n\n<div class=\"wp-block-columns people-block is-layout-flex wp-container-core-columns-is-layout-9d6595d7 wp-block-columns-is-layout-flex\">\n<div class=\"wp-block-column is-vertically-aligned-center is-layout-flow wp-block-column-is-layout-flow\">\n<pre class=\"wp-block-verse doodle-border one-rem-padded\">Mestre em Engenharia El\u00e9trica e Ci\u00eancia da Computa\u00e7\u00e3o, desenvolveu no in\u00edcio de seus estudos o interesse pela ponte entre tecnologia digital e ci\u00eancia social, particularmente no design e avalia\u00e7\u00e3o de inova\u00e7\u00e3o para impacto social. Antes de se inscrever em seus atuais estudos de doutorado, Pedro foi fundador e gerente de produto l\u00edder em uma iniciativa de empresa startup centrada em um produto para gerenciamento l\u00fadico de efici\u00eancia energ\u00e9tica residencial, desenvolveu sua gama de ferramentas para co-design enquanto trabalhava como designer de experi\u00eancia do usu\u00e1rio em uma empresa de consultoria em inova\u00e7\u00e3o e retornou \u00e0 academia para aplicar essas ferramentas a um novo produto para a seguran\u00e7a e sustentabilidade da pesca artesanal.<\/pre>\n<\/div>\n\n\n\n<div class=\"wp-block-column is-vertically-aligned-center is-layout-flow wp-block-column-is-layout-flow\">\n<div class=\"wp-block-media-text alignwide has-media-on-the-right is-stacked-on-mobile is-style-default lumin-effect pedro-media\" style=\"grid-template-columns:auto 22%\"><div class=\"wp-block-media-text__content\">\n<p class=\"has-text-align-right no-topbottom-margin has-large-font-size\">Pedro Silva Ferreira<\/p>\n\n\n\n<p class=\"has-text-align-right no-top-margin has-large-font-size\">Investigador Doutorando<\/p>\n\n\n\n<div class=\"wp-block-group\"><div class=\"wp-block-group__inner-container is-layout-flow wp-block-group-is-layout-flow\">\n<div class=\"wp-block-buttons right-media-buttons is-horizontal is-content-justification-right is-layout-flex wp-container-core-buttons-is-layout-ae2fe186 wp-block-buttons-is-layout-flex\">\n<div class=\"wp-block-button\"><a class=\"wp-block-button__link wp-element-button\" href=\"https:\/\/orcid.org\/0000-0001-7995-8913\" target=\"_blank\" rel=\"noreferrer noopener\"><i class=\"fab fa-orcid\"><\/i><\/a><\/div>\n\n\n\n<div class=\"wp-block-button\"><a class=\"wp-block-button__link wp-element-button\" href=\"https:\/\/www.cienciavitae.pt\/\/pt\/A31F-455D-04F7\" target=\"_blank\" rel=\"noreferrer noopener\"><i class=\"fas fa-link\"><\/i><\/a><\/div>\n<\/div>\n<\/div><\/div>\n\n\n\n<p class=\"has-text-align-right no-topbottom-margin\"><meta charset=\"utf-8\">Candidato a doutoramento no <a href=\"https:\/\/www.fcsh.unl.pt\/cursos\/doutoramento_em_media_digitais\/\">Programa de Doutoramento em Media Digitais<\/a> <\/p>\n\n\n\n<p class=\"has-text-align-right no-topbottom-margin\">Faculdade de Ci\u00eancias Sociais e Humanas (FCSH) \/ Ci\u00eancia e Tecnologia (FCT)<\/p>\n\n\n\n<p class=\"has-text-align-right no-topbottom-margin\">Universidade de Nova Lisboa (UNL), Portugal<\/p>\n<\/div><figure class=\"wp-block-media-text__media\"><img loading=\"lazy\" decoding=\"async\" width=\"775\" height=\"1020\" src=\"https:\/\/quartocrescente.org\/wp-content\/uploads\/2024\/01\/pedro.png\" alt=\"\" class=\"wp-image-4797 size-full\" srcset=\"https:\/\/quartocrescente.org\/wp-content\/uploads\/2024\/01\/pedro.png 775w, https:\/\/quartocrescente.org\/wp-content\/uploads\/2024\/01\/pedro-228x300.png 228w, https:\/\/quartocrescente.org\/wp-content\/uploads\/2024\/01\/pedro-768x1011.png 768w, https:\/\/quartocrescente.org\/wp-content\/uploads\/2024\/01\/pedro-9x12.png 9w\" sizes=\"auto, (max-width: 775px) 100vw, 775px\" \/><\/figure><\/div>\n<\/div>\n<\/div>\n<\/div>\n<\/div>","protected":false},"excerpt":{"rendered":"<p>Cristina Ponte Supervisora \u2013 Media &amp; Educa\u00e7\u00e3o Professora Catedr\u00e1tica Departamento de Ci\u00eancias da Comunica\u00e7\u00e3o Faculdade de Ci\u00eancias Sociais e Humanas (FCSH) Universidade Nova de Lisboa (UNL), Portugal Doutorada em Ci\u00eancias da Comunica\u00e7\u00e3o (2002), Cristina Ponte \u00e9 Professora Catedr\u00e1tica em Estudos de Media e Jornalismo (2019) na FCSH, Universidade NOVA de Lisboa. Desde 2006, Cristina \u00e9 coordenadora do Departamento Portugu\u00eas de\u2026 <a class=\"more-link\" href=\"https:\/\/quartocrescente.org\/pt\/people\/\">Continue lendo <span class=\"screen-reader-text\">Pessoas<\/span><\/a><\/p>","protected":false},"author":1,"featured_media":0,"parent":0,"menu_order":0,"comment_status":"closed","ping_status":"closed","template":"","meta":{"inline_featured_image":false,"_uag_custom_page_level_css":"","_lmt_disableupdate":"no","_lmt_disable":"no","footnotes":""},"class_list":["post-197","page","type-page","status-publish","hentry","entry"],"uagb_featured_image_src":{"full":false,"thumbnail":false,"medium":false,"medium_large":false,"large":false,"1536x1536":false,"2048x2048":false,"trp-custom-language-flag":false,"post-thumbnail":false},"uagb_author_info":{"display_name":"Pedro Silva Ferreira","author_link":"https:\/\/quartocrescente.org\/pt\/journal\/author\/quartocr_manager\/"},"uagb_comment_info":0,"uagb_excerpt":"Cristina Ponte Supervisor &#8211; Media &amp; Education Full Professor Communication Sciences Department College of Social Sciences and Humanities (FCSH) Nova Lisbon University (UNL), Portugal PhD in Communication Sciences (2002), Cristina Ponte is Full Professor in Media and Journalism Studies (2019) at FCSH, Universidade NOVA de Lisboa.&nbsp;Since 2006, Cristina has been the coordinator of the Portuguese&hellip;&hellip;","_links":{"self":[{"href":"https:\/\/quartocrescente.org\/pt\/wp-json\/wp\/v2\/pages\/197","targetHints":{"allow":["GET"]}}],"collection":[{"href":"https:\/\/quartocrescente.org\/pt\/wp-json\/wp\/v2\/pages"}],"about":[{"href":"https:\/\/quartocrescente.org\/pt\/wp-json\/wp\/v2\/types\/page"}],"author":[{"embeddable":true,"href":"https:\/\/quartocrescente.org\/pt\/wp-json\/wp\/v2\/users\/1"}],"replies":[{"embeddable":true,"href":"https:\/\/quartocrescente.org\/pt\/wp-json\/wp\/v2\/comments?post=197"}],"version-history":[{"count":154,"href":"https:\/\/quartocrescente.org\/pt\/wp-json\/wp\/v2\/pages\/197\/revisions"}],"predecessor-version":[{"id":4991,"href":"https:\/\/quartocrescente.org\/pt\/wp-json\/wp\/v2\/pages\/197\/revisions\/4991"}],"wp:attachment":[{"href":"https:\/\/quartocrescente.org\/pt\/wp-json\/wp\/v2\/media?parent=197"}],"curies":[{"name":"wp","href":"https:\/\/api.w.org\/{rel}","templated":true}]}}